{"id":1686,"date":"2016-07-01T14:59:15","date_gmt":"2016-07-01T13:59:15","guid":{"rendered":"http:\/\/www.quetzalma.org\/?page_id=1686"},"modified":"2020-01-19T15:35:22","modified_gmt":"2020-01-19T14:35:22","slug":"inauguration-imminente-de-latelier-de-patisserie-juin-2016","status":"publish","type":"page","link":"https:\/\/www.quetzalma.org\/?page_id=1686","title":{"rendered":"Inauguration imminente de l&rsquo;atelier de p\u00e2tisserie &#8211; Juin 2016"},"content":{"rendered":"<div class=\"pdfprnt-buttons pdfprnt-buttons-page pdfprnt-top-right\"><a href=\"https:\/\/www.quetzalma.org\/index.php?rest_route=%2Fwp%2Fv2%2Fpages%2F1686&print=pdf\" class=\"pdfprnt-button pdfprnt-button-pdf\" target=\"_blank\" ><img decoding=\"async\" src=\"https:\/\/www.quetzalma.org\/wp-content\/plugins\/pdf-print\/images\/pdf.png\" alt=\"image_pdf\" title=\"Afficher le PDF\" \/><\/a><a href=\"https:\/\/www.quetzalma.org\/index.php?rest_route=%2Fwp%2Fv2%2Fpages%2F1686&print=print\" class=\"pdfprnt-button pdfprnt-button-print\" target=\"_blank\" ><img decoding=\"async\" src=\"https:\/\/www.quetzalma.org\/wp-content\/plugins\/pdf-print\/images\/print.png\" alt=\"image_print\" title=\"Contenu imprim\u00e9\" \/><\/a><\/div><p>Le <a href=\"https:\/\/www.quetzalma.org\/?page_id=1080\">projet ITODI<\/a> que nous soutenons en partenariat avec l&rsquo;association p\u00e9ruvienne PASITOS DE ESPERANZA (aide \u00e0 l\u2019enfance handicap\u00e9e) se concr\u00e9tise un peu plus chaque jour.<\/p>\n<p>Apr\u00e8s beaucoup d&rsquo;efforts et un grand investissement de part et d&rsquo;autre, l&rsquo;atelier occupationnel de p\u00e2tisserie est sur le point d&rsquo;\u00eatre inaugur\u00e9 !<\/p>\n<div id=\"attachment_1639\" style=\"width: 261px\" class=\"wp-caption alignleft\"><a href=\"https:\/\/www.quetzalma.org\/wp-content\/uploads\/2016\/06\/A-construction-du-four-\u00e0-p\u00e2tisserie-\u00e0-Licaje-1-1.jpg\"><img loading=\"lazy\" decoding=\"async\" aria-describedby=\"caption-attachment-1639\" class=\"wp-image-1639\" src=\"https:\/\/www.quetzalma.org\/wp-content\/uploads\/2016\/06\/A-construction-du-four-\u00e0-p\u00e2tisserie-\u00e0-Licaje-1-1-300x225.jpg\" alt=\"Construction du four\" width=\"251\" height=\"189\" srcset=\"https:\/\/www.quetzalma.org\/wp-content\/uploads\/2016\/06\/A-construction-du-four-\u00e0-p\u00e2tisserie-\u00e0-Licaje-1-1-300x225.jpg 300w, https:\/\/www.quetzalma.org\/wp-content\/uploads\/2016\/06\/A-construction-du-four-\u00e0-p\u00e2tisserie-\u00e0-Licaje-1-1-768x575.jpg 768w, https:\/\/www.quetzalma.org\/wp-content\/uploads\/2016\/06\/A-construction-du-four-\u00e0-p\u00e2tisserie-\u00e0-Licaje-1-1-1024x767.jpg 1024w, https:\/\/www.quetzalma.org\/wp-content\/uploads\/2016\/06\/A-construction-du-four-\u00e0-p\u00e2tisserie-\u00e0-Licaje-1-1-150x112.jpg 150w, https:\/\/www.quetzalma.org\/wp-content\/uploads\/2016\/06\/A-construction-du-four-\u00e0-p\u00e2tisserie-\u00e0-Licaje-1-1.jpg 1200w\" sizes=\"auto, (max-width: 251px) 100vw, 251px\" \/><\/a><p id=\"caption-attachment-1639\" class=\"wp-caption-text\">Construction du four \u00e0 p\u00e2tisserie au sein de l&rsquo;Entreprise Licaje<\/p><\/div>\n<div id=\"attachment_1640\" style=\"width: 260px\" class=\"wp-caption alignleft\"><a href=\"https:\/\/www.quetzalma.org\/wp-content\/uploads\/2016\/06\/B-construction-du-four-achev\u00e9e-\u00e0-lentreprise-Licaje-1.jpg\"><img loading=\"lazy\" decoding=\"async\" aria-describedby=\"caption-attachment-1640\" class=\" wp-image-1640\" src=\"https:\/\/www.quetzalma.org\/wp-content\/uploads\/2016\/06\/B-construction-du-four-achev\u00e9e-\u00e0-lentreprise-Licaje-1-300x225.jpg\" alt=\"Lima mai 2016 construction du four\" width=\"250\" height=\"187\" srcset=\"https:\/\/www.quetzalma.org\/wp-content\/uploads\/2016\/06\/B-construction-du-four-achev\u00e9e-\u00e0-lentreprise-Licaje-1-300x225.jpg 300w, https:\/\/www.quetzalma.org\/wp-content\/uploads\/2016\/06\/B-construction-du-four-achev\u00e9e-\u00e0-lentreprise-Licaje-1-768x575.jpg 768w, https:\/\/www.quetzalma.org\/wp-content\/uploads\/2016\/06\/B-construction-du-four-achev\u00e9e-\u00e0-lentreprise-Licaje-1-1024x767.jpg 1024w, https:\/\/www.quetzalma.org\/wp-content\/uploads\/2016\/06\/B-construction-du-four-achev\u00e9e-\u00e0-lentreprise-Licaje-1-150x112.jpg 150w, https:\/\/www.quetzalma.org\/wp-content\/uploads\/2016\/06\/B-construction-du-four-achev\u00e9e-\u00e0-lentreprise-Licaje-1.jpg 1200w\" sizes=\"auto, (max-width: 250px) 100vw, 250px\" \/><\/a><p id=\"caption-attachment-1640\" class=\"wp-caption-text\">Construction du four<\/p><\/div>\n<div id=\"attachment_1641\" style=\"width: 190px\" class=\"wp-caption alignleft\"><a href=\"https:\/\/www.quetzalma.org\/wp-content\/uploads\/2016\/06\/C-exp\u00e9dition-du-four-\u00e0-p\u00e2tisserie-1.jpg\"><img loading=\"lazy\" decoding=\"async\" aria-describedby=\"caption-attachment-1641\" class=\"wp-image-1641 \" src=\"https:\/\/www.quetzalma.org\/wp-content\/uploads\/2016\/06\/C-exp\u00e9dition-du-four-\u00e0-p\u00e2tisserie-1-225x300.jpg\" alt=\"1 Lima lundi 6 juin 2016 livraison du four pour l'atelier de p\u00e2tisserie\" width=\"180\" height=\"240\" srcset=\"https:\/\/www.quetzalma.org\/wp-content\/uploads\/2016\/06\/C-exp\u00e9dition-du-four-\u00e0-p\u00e2tisserie-1-225x300.jpg 225w, https:\/\/www.quetzalma.org\/wp-content\/uploads\/2016\/06\/C-exp\u00e9dition-du-four-\u00e0-p\u00e2tisserie-1-768x1024.jpg 768w, https:\/\/www.quetzalma.org\/wp-content\/uploads\/2016\/06\/C-exp\u00e9dition-du-four-\u00e0-p\u00e2tisserie-1-113x150.jpg 113w, https:\/\/www.quetzalma.org\/wp-content\/uploads\/2016\/06\/C-exp\u00e9dition-du-four-\u00e0-p\u00e2tisserie-1.jpg 1200w\" sizes=\"auto, (max-width: 180px) 100vw, 180px\" \/><\/a><p id=\"caption-attachment-1641\" class=\"wp-caption-text\">Exp\u00e9dition du four pour l&rsquo;atelier de p\u00e2tisserie<\/p><\/div>\n<div id=\"attachment_1642\" style=\"width: 240px\" class=\"wp-caption alignleft\"><a href=\"https:\/\/www.quetzalma.org\/wp-content\/uploads\/2016\/06\/D-livraison-du-four-p\u00e2tisserie-\u00e0-Pasitos-de-Esperanza-1.jpg\"><img loading=\"lazy\" decoding=\"async\" aria-describedby=\"caption-attachment-1642\" class=\"wp-image-1642 \" src=\"https:\/\/www.quetzalma.org\/wp-content\/uploads\/2016\/06\/D-livraison-du-four-p\u00e2tisserie-\u00e0-Pasitos-de-Esperanza-1-300x225.jpg\" alt=\"2 Lima 6 juin 2016 livraison du four pour l'atelier de p\u00e2tisserie\" width=\"230\" height=\"172\" srcset=\"https:\/\/www.quetzalma.org\/wp-content\/uploads\/2016\/06\/D-livraison-du-four-p\u00e2tisserie-\u00e0-Pasitos-de-Esperanza-1-300x225.jpg 300w, https:\/\/www.quetzalma.org\/wp-content\/uploads\/2016\/06\/D-livraison-du-four-p\u00e2tisserie-\u00e0-Pasitos-de-Esperanza-1-768x575.jpg 768w, https:\/\/www.quetzalma.org\/wp-content\/uploads\/2016\/06\/D-livraison-du-four-p\u00e2tisserie-\u00e0-Pasitos-de-Esperanza-1-1024x767.jpg 1024w, https:\/\/www.quetzalma.org\/wp-content\/uploads\/2016\/06\/D-livraison-du-four-p\u00e2tisserie-\u00e0-Pasitos-de-Esperanza-1-150x112.jpg 150w, https:\/\/www.quetzalma.org\/wp-content\/uploads\/2016\/06\/D-livraison-du-four-p\u00e2tisserie-\u00e0-Pasitos-de-Esperanza-1.jpg 1200w\" sizes=\"auto, (max-width: 230px) 100vw, 230px\" \/><\/a><p id=\"caption-attachment-1642\" class=\"wp-caption-text\">Livraison du four \u00e0 Pasitos de Esperanza<\/p><\/div>\n<div id=\"attachment_1643\" style=\"width: 240px\" class=\"wp-caption alignleft\"><a href=\"https:\/\/www.quetzalma.org\/wp-content\/uploads\/2016\/06\/E-r\u00e9ception-du-four-\u00e0-p\u00e2tisserie-Ebert-contr\u00f4le-avant-la-mise-en-place-2.jpg\"><img loading=\"lazy\" decoding=\"async\" aria-describedby=\"caption-attachment-1643\" class=\"wp-image-1643 \" src=\"https:\/\/www.quetzalma.org\/wp-content\/uploads\/2016\/06\/E-r\u00e9ception-du-four-\u00e0-p\u00e2tisserie-Ebert-contr\u00f4le-avant-la-mise-en-place-2-300x225.jpg\" alt=\"3 Lima 6 juin 2016 installation du four pour l'atelier de p\u00e2tisserie\" width=\"230\" height=\"172\" srcset=\"https:\/\/www.quetzalma.org\/wp-content\/uploads\/2016\/06\/E-r\u00e9ception-du-four-\u00e0-p\u00e2tisserie-Ebert-contr\u00f4le-avant-la-mise-en-place-2-300x225.jpg 300w, https:\/\/www.quetzalma.org\/wp-content\/uploads\/2016\/06\/E-r\u00e9ception-du-four-\u00e0-p\u00e2tisserie-Ebert-contr\u00f4le-avant-la-mise-en-place-2-768x575.jpg 768w, https:\/\/www.quetzalma.org\/wp-content\/uploads\/2016\/06\/E-r\u00e9ception-du-four-\u00e0-p\u00e2tisserie-Ebert-contr\u00f4le-avant-la-mise-en-place-2-1024x767.jpg 1024w, https:\/\/www.quetzalma.org\/wp-content\/uploads\/2016\/06\/E-r\u00e9ception-du-four-\u00e0-p\u00e2tisserie-Ebert-contr\u00f4le-avant-la-mise-en-place-2-150x112.jpg 150w, https:\/\/www.quetzalma.org\/wp-content\/uploads\/2016\/06\/E-r\u00e9ception-du-four-\u00e0-p\u00e2tisserie-Ebert-contr\u00f4le-avant-la-mise-en-place-2.jpg 1200w\" sizes=\"auto, (max-width: 230px) 100vw, 230px\" \/><\/a><p id=\"caption-attachment-1643\" class=\"wp-caption-text\">Installation et dernier contr\u00f4le<\/p><\/div>\n<div id=\"attachment_1644\" style=\"width: 240px\" class=\"wp-caption alignleft\"><a href=\"https:\/\/www.quetzalma.org\/wp-content\/uploads\/2016\/06\/F-mise-en-place-des-grilles-1.jpg\"><img loading=\"lazy\" decoding=\"async\" aria-describedby=\"caption-attachment-1644\" class=\"wp-image-1644 \" src=\"https:\/\/www.quetzalma.org\/wp-content\/uploads\/2016\/06\/F-mise-en-place-des-grilles-1-300x225.jpg\" alt=\"F mise en place des grilles\" width=\"230\" height=\"172\" srcset=\"https:\/\/www.quetzalma.org\/wp-content\/uploads\/2016\/06\/F-mise-en-place-des-grilles-1-300x225.jpg 300w, https:\/\/www.quetzalma.org\/wp-content\/uploads\/2016\/06\/F-mise-en-place-des-grilles-1-768x576.jpg 768w, https:\/\/www.quetzalma.org\/wp-content\/uploads\/2016\/06\/F-mise-en-place-des-grilles-1-1024x768.jpg 1024w, https:\/\/www.quetzalma.org\/wp-content\/uploads\/2016\/06\/F-mise-en-place-des-grilles-1-150x113.jpg 150w, https:\/\/www.quetzalma.org\/wp-content\/uploads\/2016\/06\/F-mise-en-place-des-grilles-1.jpg 1200w\" sizes=\"auto, (max-width: 230px) 100vw, 230px\" \/><\/a><p id=\"caption-attachment-1644\" class=\"wp-caption-text\">Mise en place des grilles<\/p><\/div>\n<p>&nbsp;<\/p>\n<p>&nbsp;<\/p>\n<p>&nbsp;<\/p>\n<p>&nbsp;<\/p>\n<p>&nbsp;<\/p>\n<p>&nbsp;<\/p>\n<p>&nbsp;<\/p>\n<p>&nbsp;<\/p>\n<p>&nbsp;<\/p>\n<p>&nbsp;<\/p>\n<p>&nbsp;<\/p>\n<p>&nbsp;<\/p>\n<p>&nbsp;<\/p>\n<p>&nbsp;<\/p>\n<div id=\"attachment_1647\" style=\"width: 220px\" class=\"wp-caption alignleft\"><a href=\"https:\/\/www.quetzalma.org\/wp-content\/uploads\/2016\/06\/I.Katia-en-tenue-1.jpg\"><img loading=\"lazy\" decoding=\"async\" aria-describedby=\"caption-attachment-1647\" class=\"wp-image-1647\" src=\"https:\/\/www.quetzalma.org\/wp-content\/uploads\/2016\/06\/I.Katia-en-tenue-1-225x300.jpg\" alt=\"I.Katia en tenue\" width=\"210\" height=\"280\" srcset=\"https:\/\/www.quetzalma.org\/wp-content\/uploads\/2016\/06\/I.Katia-en-tenue-1-225x300.jpg 225w, https:\/\/www.quetzalma.org\/wp-content\/uploads\/2016\/06\/I.Katia-en-tenue-1-768x1024.jpg 768w, https:\/\/www.quetzalma.org\/wp-content\/uploads\/2016\/06\/I.Katia-en-tenue-1-113x150.jpg 113w, https:\/\/www.quetzalma.org\/wp-content\/uploads\/2016\/06\/I.Katia-en-tenue-1.jpg 960w\" sizes=\"auto, (max-width: 210px) 100vw, 210px\" \/><\/a><p id=\"caption-attachment-1647\" class=\"wp-caption-text\">Katia en tenue de travail<\/p><\/div>\n<div id=\"attachment_1646\" style=\"width: 296px\" class=\"wp-caption alignleft\"><a href=\"https:\/\/www.quetzalma.org\/wp-content\/uploads\/2016\/06\/H-le-four-est-pr\u00eat-1.jpg\"><img loading=\"lazy\" decoding=\"async\" aria-describedby=\"caption-attachment-1646\" class=\"wp-image-1646 \" src=\"https:\/\/www.quetzalma.org\/wp-content\/uploads\/2016\/06\/H-le-four-est-pr\u00eat-1-300x225.jpg\" alt=\"H le four est pr\u00eat\" width=\"286\" height=\"215\" srcset=\"https:\/\/www.quetzalma.org\/wp-content\/uploads\/2016\/06\/H-le-four-est-pr\u00eat-1-300x225.jpg 300w, https:\/\/www.quetzalma.org\/wp-content\/uploads\/2016\/06\/H-le-four-est-pr\u00eat-1-768x576.jpg 768w, https:\/\/www.quetzalma.org\/wp-content\/uploads\/2016\/06\/H-le-four-est-pr\u00eat-1-1024x768.jpg 1024w, https:\/\/www.quetzalma.org\/wp-content\/uploads\/2016\/06\/H-le-four-est-pr\u00eat-1-150x113.jpg 150w, https:\/\/www.quetzalma.org\/wp-content\/uploads\/2016\/06\/H-le-four-est-pr\u00eat-1.jpg 1200w\" sizes=\"auto, (max-width: 286px) 100vw, 286px\" \/><\/a><p id=\"caption-attachment-1646\" class=\"wp-caption-text\">Le four est pr\u00eat<\/p><\/div>\n<p><a href=\"https:\/\/www.quetzalma.org\/wp-content\/uploads\/2016\/06\/J.Affiche-Inauguration-atelier-p\u00e2tisserie-1.jpg\"><img loading=\"lazy\" decoding=\"async\" class=\" wp-image-1648 alignleft\" src=\"https:\/\/www.quetzalma.org\/wp-content\/uploads\/2016\/06\/J.Affiche-Inauguration-atelier-p\u00e2tisserie-1.jpg\" alt=\"J.Affiche Inauguration atelier p\u00e2tisserie\" width=\"208\" height=\"330\" srcset=\"https:\/\/www.quetzalma.org\/wp-content\/uploads\/2016\/06\/J.Affiche-Inauguration-atelier-p\u00e2tisserie-1.jpg 179w, https:\/\/www.quetzalma.org\/wp-content\/uploads\/2016\/06\/J.Affiche-Inauguration-atelier-p\u00e2tisserie-1-95x150.jpg 95w\" sizes=\"auto, (max-width: 208px) 100vw, 208px\" \/><\/a><\/p>\n<p>&nbsp;<\/p>\n<p>&nbsp;<\/p>\n<p>&nbsp;<\/p>\n<p>&nbsp;<\/p>\n<p>&nbsp;<\/p>\n<p>&nbsp;<\/p>\n<p>&nbsp;<\/p>\n<p>PASITOS DE ESPERANZA a d&rsquo;ores et d\u00e9j\u00e0 diffus\u00e9 l&rsquo;information :<\/p>\n<p>L&rsquo;inauguration aura lieu le 5 juillet 2016 \u00e0 15h00 heure locale. L&rsquo;\u00e9v\u00e9nement sera suivi d&rsquo;une petite r\u00e9ception festive et conviviale avec parents et enfants.<\/p>\n<p>Encore un petit pas d&rsquo;esp\u00e9rance qui a \u00e9t\u00e9 franchi en direction de l&rsquo;autonomie et du \u00ab\u00a0mieux-vivre\u00a0\u00bb pour ces enfants et jeunes autrement capables ! Une fiert\u00e9 pour Katia la pr\u00e9sidente de PASITOS DE ESPERANZA et pour Marl\u00e8ne la pr\u00e9sidente de QUETZALMA.<\/p>\n<p>Un grand merci \u00e0 vous tous pour votre aide et principalement \u00e0 l&rsquo;association JOSSH pour son soutien dans le cadre de cette belle aventure !<\/p>\n<p>&nbsp;<\/p>\n<p>&nbsp;<\/p>\n<p>&nbsp;<\/p>\n<p>&nbsp;<\/p>\n<p>&nbsp;<\/p>\n<p>&nbsp;<\/p>\n","protected":false},"excerpt":{"rendered":"<p>Le projet ITODI que nous soutenons en partenariat avec l&rsquo;association p\u00e9ruvienne PASITOS DE ESPERANZA (aide \u00e0 l\u2019enfance handicap\u00e9e) se concr\u00e9tise un peu plus chaque jour.\u2026<\/p>\n<p class=\"continue-reading-button\"> <a class=\"continue-reading-link\" href=\"https:\/\/www.quetzalma.org\/?page_id=1686\">Lire la suite<i class=\"crycon-right-dir\"><\/i><\/a><\/p>\n","protected":false},"author":1,"featured_media":0,"parent":7607,"menu_order":3,"comment_status":"closed","ping_status":"closed","template":"","meta":{"footnotes":""},"class_list":["post-1686","page","type-page","status-publish","hentry"],"_links":{"self":[{"href":"https:\/\/www.quetzalma.org\/index.php?rest_route=\/wp\/v2\/pages\/1686","targetHints":{"allow":["GET"]}}],"collection":[{"href":"https:\/\/www.quetzalma.org\/index.php?rest_route=\/wp\/v2\/pages"}],"about":[{"href":"https:\/\/www.quetzalma.org\/index.php?rest_route=\/wp\/v2\/types\/page"}],"author":[{"embeddable":true,"href":"https:\/\/www.quetzalma.org\/index.php?rest_route=\/wp\/v2\/users\/1"}],"replies":[{"embeddable":true,"href":"https:\/\/www.quetzalma.org\/index.php?rest_route=%2Fwp%2Fv2%2Fcomments&post=1686"}],"version-history":[{"count":5,"href":"https:\/\/www.quetzalma.org\/index.php?rest_route=\/wp\/v2\/pages\/1686\/revisions"}],"predecessor-version":[{"id":1692,"href":"https:\/\/www.quetzalma.org\/index.php?rest_route=\/wp\/v2\/pages\/1686\/revisions\/1692"}],"up":[{"embeddable":true,"href":"https:\/\/www.quetzalma.org\/index.php?rest_route=\/wp\/v2\/pages\/7607"}],"wp:attachment":[{"href":"https:\/\/www.quetzalma.org\/index.php?rest_route=%2Fwp%2Fv2%2Fmedia&parent=1686"}],"curies":[{"name":"wp","href":"https:\/\/api.w.org\/{rel}","templated":true}]}}